{"id":23806,"date":"2025-07-30T17:41:27","date_gmt":"2025-07-30T15:41:27","guid":{"rendered":"https:\/\/www.aimg-mp.com\/?page_id=23806"},"modified":"2025-07-30T17:42:42","modified_gmt":"2025-07-30T15:42:42","slug":"droit-au-remord","status":"publish","type":"page","link":"https:\/\/www.aimg-mp.com\/index.php\/droit-au-remord\/","title":{"rendered":"Droit au remords"},"content":{"rendered":"<p style=\"text-align: center;\"><span style=\"color: #ff0000;\"><strong><span style=\"font-size: 28px;\">Droit au remords<\/span><\/strong><\/span><\/p>\n<p>&nbsp;<\/p>\n<p><u>Droit au remords <\/u><\/p>\n<ul>\n<li>Avant la fin du 4<sup>\u00e8me<\/sup> semestre<\/li>\n<li>Une seule fois au cours de l\u2019internat<\/li>\n<li>Ne permet pas de changer de ville<\/li>\n<li>Rang utile*<\/li>\n<\/ul>\n<p>&nbsp;<\/p>\n<p><u>Droit au remords \u00e9largi \u2013 Vous n\u2019avez pas le rang utile*<\/u><\/p>\n<ul>\n<li>Pour les postes vacants et d\u00e9clar\u00e9s ouverts par l\u2019ARS en cours de 3<sup>\u00e8me<\/sup> Cycle<\/li>\n<li>Accessible aux internes issus de la m\u00eame promotion EDN ou ECN<\/li>\n<li>Avant la fin du 4<sup>\u00e8me<\/sup> semestre<\/li>\n<li>Une seule fois au cours de l\u2019internat<\/li>\n<li>Ne permet pas de changer de ville<\/li>\n<\/ul>\n<p>L\u2019ARS informe les internes des vacances de postes. Si les demandes sont sup\u00e9rieures \u00e0 l\u2019offre, alors les candidatures seront examin\u00e9es en fonction du rang de classement.<\/p>\n<p>________________________________________<\/p>\n<p><em>*Rang utile : (Rang de Classement doit \u00eatre meilleur que celui ayant choisi le dernier poste de la discipline la m\u00eame ann\u00e9e) = sp\u00e9cialit\u00e9 que vous auriez eu dans la subdivision lors de votre examen d\u2019acc\u00e8s au 3<sup>\u00e8me<\/sup> cycle des \u00e9tudes m\u00e9dicales.<\/em><\/p>\n<p>&nbsp;<\/p>\n<p>Dans les deux cas, vous devrez<\/p>\n<ul>\n<li>Avertir l\u2019ARS (Lucie.LLORCA@ars.sante.fr)<\/li>\n<li><a href=\"https:\/\/www.aimg-mp.com\/wp-content\/uploads\/2025\/07\/changement-specialite-remords-a-c-2022.pdf\"> Formulaire \u00e0 compl\u00e9ter<\/a> + courrier au Doyen<\/li>\n<li>Contacter le Coordonnateur de la discipline choisie<\/li>\n<\/ul>\n<p>&nbsp;<\/p>\n<p><span style=\"font-size: 12px;\"><em>MAJ le 21\/07\/2025\u00a0<\/em><\/span><\/p>\n","protected":false},"excerpt":{"rendered":"<p>Droit au remords &nbsp; Droit au remords Avant la fin du 4\u00e8me semestre Une seule fois au cours de l\u2019internat Ne permet pas de changer de ville Rang utile* &nbsp; Droit au remords \u00e9largi \u2013 Vous n\u2019avez pas le rang &hellip; <a href=\"https:\/\/www.aimg-mp.com\/index.php\/droit-au-remord\/\">Continuer la lecture <span class=\"meta-nav\">&rarr;<\/span><\/a><\/p>\n","protected":false},"author":1440,"featured_media":0,"parent":0,"menu_order":0,"comment_status":"closed","ping_status":"closed","template":"","meta":{"footnotes":""},"class_list":["post-23806","page","type-page","status-publish","hentry"],"_links":{"self":[{"href":"https:\/\/www.aimg-mp.com\/index.php\/wp-json\/wp\/v2\/pages\/23806","targetHints":{"allow":["GET"]}}],"collection":[{"href":"https:\/\/www.aimg-mp.com\/index.php\/wp-json\/wp\/v2\/pages"}],"about":[{"href":"https:\/\/www.aimg-mp.com\/index.php\/wp-json\/wp\/v2\/types\/page"}],"author":[{"embeddable":true,"href":"https:\/\/www.aimg-mp.com\/index.php\/wp-json\/wp\/v2\/users\/1440"}],"replies":[{"embeddable":true,"href":"https:\/\/www.aimg-mp.com\/index.php\/wp-json\/wp\/v2\/comments?post=23806"}],"version-history":[{"count":2,"href":"https:\/\/www.aimg-mp.com\/index.php\/wp-json\/wp\/v2\/pages\/23806\/revisions"}],"predecessor-version":[{"id":23810,"href":"https:\/\/www.aimg-mp.com\/index.php\/wp-json\/wp\/v2\/pages\/23806\/revisions\/23810"}],"wp:attachment":[{"href":"https:\/\/www.aimg-mp.com\/index.php\/wp-json\/wp\/v2\/media?parent=23806"}],"curies":[{"name":"wp","href":"https:\/\/api.w.org\/{rel}","templated":true}]}}