{"id":109,"date":"2018-04-08T12:23:33","date_gmt":"2018-04-08T10:23:33","guid":{"rendered":"http:\/\/aimgmpcomm.cluster026.hosting.ovh.net\/?page_id=109"},"modified":"2018-12-29T19:24:37","modified_gmt":"2018-12-29T18:24:37","slug":"recherche-en-mg","status":"publish","type":"page","link":"https:\/\/www.aimg-mp.com\/index.php\/recherche-en-mg\/","title":{"rendered":"La recherche en MG"},"content":{"rendered":"<p><span style=\"color: #000000;\">La recherche en M\u00e9decine G\u00e9n\u00e9rale, un domaine en pleine expansion et beaucoup plus accessible qu\u2019on ne croit, m\u00eame si les internes ne s\u2019y pr\u00e9cipitent pas en d\u00e9butant leur DES\u2026<br \/>\n<\/span><span style=\"color: #000000;\">Vous trouverez dans cette partie des infos utiles\u00a0pour tous, notamment pour la\u00a0r\u00e9daction de votre th\u00e8se\u00a0ou m\u00eame pour vous simplifier les\u00a0petites recherches bibliographiques\u00a0au cours de votre internat !<\/span><\/p>\n<h2><strong><span style=\"color: #000080;\">\u25ca Docadis<\/span><\/strong><\/h2>\n<p><span style=\"color: #000000;\">Ou comment avoir acc\u00e8s \u00e0 toute la documentation de l\u2019Universit\u00e9 depuis son canap\u00e9 ! Vous avez besoin de bibliographies, pour votre th\u00e8se ou au cours de votre stage ?<\/span><br \/>\n<span style=\"color: #000000;\">Vous faites une recherche cibl\u00e9e pour un GEP, un RSCA, ou sur un probl\u00e8me rencontr\u00e9 en pratique ?<\/span><\/p>\n<p><span style=\"color: #000000;\">Maintenant, avec DOCADIS, vous pouvez consulter gratuitement toute la documentation \u00e9lectronique de l\u2019Universit\u00e9 depuis le CHU, de chez vous ou de tout autre endroit lorsque vous \u00eates en stage en France ou \u00e0 l\u2019\u00e9tranger !<\/span><\/p>\n<p><span style=\"color: #000000;\">Docadis, c\u2019est le\u00a0<strong>Service en ligne de documentation \u00e0 distance<\/strong>, mis \u00e0 votre disposition par le\u00a0<a style=\"color: #000000;\" href=\"http:\/\/bibliotheques.univ-tlse3.fr\/utiliser-nos-services\/acces-distant-docadis\/comment-se-connecter\"><span style=\"color: #0000ff;\">Service Commun de Documentation (SCD)<\/span><\/a>\u00a0pour vous permettre d\u2019acc\u00e9der \u00e0 distance aux ressources \u00e9lectroniques de l\u2019Universit\u00e9 Paul Sabatier. <\/span><\/p>\n<p><span style=\"color: #000000;\">Pour vous en servir, vous n\u2019avez besoin que de votre carte d\u2019\u00e9tudiant. Rendez-vous sur le <a style=\"color: #000000;\" href=\"http:\/\/bibliotheques.univ-tlse3.fr\/utiliser-nos-services\/acces-distant-docadis\/comment-se-connecter\"><span style=\"color: #0000ff;\">site de Docadis<\/span><\/a> \u00e0 la rubrique \u00ab\u00a0comment se connecter\u00a0\u00bb. Ensuite, vous n\u2019avez qu\u2019\u00e0 cr\u00e9er votre compte gr\u00e2ce \u00e0 votre num\u00e9ro d\u2019\u00e9tudiant et d\u00e8s le lendemain vous recevrez vos identifiants. Vous aurez alors acc\u00e8s aux ressources de la BU comme si vous y \u00e9tiez<br \/>\n<\/span><\/p>\n<h2><strong><span style=\"color: #000080;\">\u25ca FAYR-GP<\/span><\/strong><\/h2>\n<p><span style=\"color: #000000;\"><strong>FAYR-GP (<\/strong>French Association of Young Researchers in General Practice) est une association regroupant les jeunes chercheurs en m\u00e9decine g\u00e9n\u00e9rale fran\u00e7ais. Elle a pour objectif de\u00a0<strong>promouvoir et d\u00e9velopper la recherche<\/strong>\u00a0en M\u00e9decine G\u00e9n\u00e9rale et en soins primaires en se focalisant sur les travaux des plus jeunes (du DCEM jusqu\u2019aux premi\u00e8res ann\u00e9es d\u2019installation).<br \/>\n<\/span><span style=\"color: #000000;\">Ses actions sont diverses et sont un excellent compl\u00e9ment \u00e0 l\u2019activit\u00e9 locale des DUMG :<\/span><\/p>\n<ul>\n<li><span style=\"color: #000000;\">Elle organise annuellement une\u00a0<strong>pr\u00e9conf\u00e9rence<\/strong>\u00a0ouverte \u00e0\u00a0 ses adh\u00e9rents (la veille du Congr\u00e8s de la M\u00e9decine G\u00e9n\u00e9rale en mars chaque ann\u00e9e). C\u2019est l\u2019occasion de pr\u00e9senter ses travaux de recherche (m\u00e9moire de DES, Th\u00e8se, Masters\u2026) et d\u2019assister \u00e0 une masterclass centr\u00e9e sur les besoins des adh\u00e9rents.<\/span><\/li>\n<li><span style=\"color: #000000;\">Elle a publi\u00e9 cette ann\u00e9e le Guide \u00ab\u00a0<strong>initiation \u00e0 la recherche<\/strong>\u00a0\u00bb v\u00e9ritable couteau suisse du jeune chercheur, id\u00e9al pour pr\u00e9parer votre projet de recherche.<\/span> (<a href=\"http:\/\/www.egora.fr\/boutique\/134765-initiation-%C3%A0-la-recherche\">http:\/\/www.egora.fr\/boutique\/134765-initiation-%C3%A0-la-recherche<\/a>).<\/li>\n<li><span style=\"color: #000000;\">Elle s\u00e9lectionne mensuellement une th\u00e8se de m\u00e9decine g\u00e9n\u00e9rale afin d\u2019en publier un r\u00e9sum\u00e9 dans la revue\u00a0<em>exercer\u00a0<\/em>(rubrique \u00ab\u00a0<strong>la th\u00e8se du mois<\/strong>\u00ab\u00a0).<\/span><\/li>\n<\/ul>\n<p><span style=\"color: #000000;\">N\u2019h\u00e9sitez pas \u00e0 visiter son site (<\/span><a href=\"http:\/\/fayrgp.org\/1\/\">http:\/\/fayrgp.org\/1\/<\/a><span style=\"color: #000000;\">) pour plus de renseignements. Pour un abonnement annuel de 30 euros (mais seulement 10 euros la premi\u00e8re ann\u00e9e), vous avez acc\u00e8s aux diff\u00e9rents tutoriels, au contenu de la derni\u00e8re pr\u00e9conf\u00e9rence et\u00a0 \u00e0 l\u2019entr\u00e9e de la prochaine pr\u00e9conf\u00e9rence, o\u00f9 l\u2019on esp\u00e8re vous voir nombreux!<\/span><\/p>\n<h2><strong><span style=\"color: #333399;\">\u25ca L&#8217;ann\u00e9e Recherche et les d\u00e9marches \u00e0 suivre pour en b\u00e9n\u00e9ficier<\/span><\/strong><\/h2>\n<p><span style=\"color: #000000;\">Vous pouvez au cours de votre internat r\u00e9aliser une ann\u00e9e recherche. <\/span><span style=\"color: #000000;\">Le projet doit se pr\u00e9parer \u00e0 l\u2019avance. Voici quelques informations pratiques pour vous y aider.<\/span><\/p>\n<ol>\n<li><em><em><span style=\"color: #000000;\">Informations r\u00e9glementaires<\/span><\/em><\/em><span style=\"color: #000000;\">Les internes en m\u00e9decine peuvent b\u00e9n\u00e9ficier d\u2019une ann\u00e9e-recherche pour l\u2019accomplissement de travaux de recherche en vue de la\u00a0<strong>pr\u00e9paration d\u2019un master, d\u2019une th\u00e8se de doctorat ou d\u2019un dipl\u00f4me \u00e9quivalent<\/strong>.<\/span><span style=\"color: #000000;\">Le nombre d\u2019internes susceptibles de b\u00e9n\u00e9ficier d\u2019une ann\u00e9e-recherche est<strong>\u00a0limit\u00e9<\/strong>, et fix\u00e9 chaque ann\u00e9e par un arr\u00eat\u00e9 minist\u00e9riel. Ce nombre est r\u00e9parti par interr\u00e9gion et subdivision.<\/span><span style=\"color: #000000;\"><strong>La qualit\u00e9 du projet<\/strong>\u00a0de recherche des internes\u00a0<strong>d\u00e9termine l\u2019attribution des ann\u00e9es-recherche<\/strong>. Cette qualit\u00e9 est \u00e9valu\u00e9e par une\u00a0<strong>commission interr\u00e9gionale de s\u00e9lection<\/strong>, r\u00e9unie au sein d\u2019une des UFR de l\u2019interr\u00e9gion. Cette commission compte parmi ses membres\u00a0<strong>deux repr\u00e9sentants des internes<\/strong>\u00a0de m\u00e9decine de l\u2019inter-r\u00e9gion, dont un en m\u00e9decine g\u00e9n\u00e9rale. Il s\u2019agit d\u2019un des membres du bureau de l\u2019AIMG-MP, qui assiste aux d\u00e9lib\u00e9rations avec une\u00a0<strong>voix consultative<\/strong>. Il est donc tr\u00e8s important de nous contacter avant la commission !<\/span><span style=\"color: #000000;\">L\u2019ann\u00e9e-recherche est accomplie dans un laboratoire de recherche fran\u00e7ais agr\u00e9\u00e9 ou dans un laboratoire \u00e9tranger participant \u00e0 une formation \u00e9quivalente.<\/span><\/li>\n<li><span style=\"color: #000000;\"><em>D\u00e9roulement<\/em><\/span><span style=\"color: #000000;\">L\u2019ann\u00e9e-recherche s\u2019effectue pour une\u00a0<strong>p\u00e9riode continue comprise entre un 1er novembre et un 31 octobre<\/strong>, commen\u00e7ant\u00a0<strong>au plus t\u00f4t au d\u00e9but de la deuxi\u00e8me ann\u00e9e<\/strong>\u00a0et s\u2019achevant\u00a0<strong>au plus tard \u00e0 la fin de la derni\u00e8re ann\u00e9e<\/strong>\u00a0de l\u2019internat.<\/span><span style=\"color: #000000;\">L\u2019ann\u00e9e-recherche s\u2019effectue durant l\u2019ann\u00e9e universitaire suivant son attribution.<\/span><span style=\"color: #000000;\">Au cours de l\u2019ann\u00e9e-recherche, l\u2019interne est<strong>\u00a0dispens\u00e9 des enseignements th\u00e9oriques et de la formation pratique<\/strong>\u00a0pr\u00e9vus en vue de l\u2019obtention de chaque DES, ce qui veut dire que l\u2019ann\u00e9e-recherche n\u2019est pas prise en compte dans les validations n\u00e9cessaires \u00e0 l\u2019obtention du DES, notamment en ce qui concerne la formation pratique.<\/span><span style=\"color: #000000;\">L\u2019interne est soumis aux clauses d\u2019un contrat sp\u00e9cifique d\u2019ann\u00e9e recherche et per\u00e7oit une r\u00e9mun\u00e9ration \u00e9gale \u00e0 la moyenne des \u00e9moluments allou\u00e9s aux internes de 2\u00e8me et de 3\u00e8me ann\u00e9es.<\/span><span style=\"color: #000000;\">Il est possible de prendre des gardes r\u00e9mun\u00e9r\u00e9es \u00e0 l\u2019h\u00f4pital.<\/span><\/li>\n<li><span style=\"color: #000000;\"><span style=\"color: #000000;\"><em>Modalit\u00e9s d&#8217;inscription<\/em><\/span><\/span><span style=\"color: #000000;\">Le dossier comporte les documents suivants :<\/span>\n<ol>\n<li><span style=\"color: #000000;\">Un document comportant les coordonn\u00e9es de l\u2019interne (nom, pr\u00e9nom, date de naissance, t\u00e9l\u00e9phone, adresse postale, adresse \u00e9lectronique, ann\u00e9e de r\u00e9ussite aux \u00e9preuves classantes nationales ou \u00e0 l\u2019internat)<\/span><\/li>\n<li><span style=\"color: #000000;\">Le curriculum vitae de l\u2019interne.<\/span><\/li>\n<li><span style=\"color: #000000;\">Le projet de recherche indiquant :<\/span>\n<ul>\n<li><span style=\"color: #000000;\">le sujet de recherche<\/span><\/li>\n<li><span style=\"color: #000000;\">son int\u00e9r\u00eat g\u00e9n\u00e9ral ou scientifique<\/span><\/li>\n<li><span style=\"color: #000000;\">son ou ses objectifs<\/span><\/li>\n<li><span style=\"color: #000000;\">sa situation dans le contexte scientifique et m\u00e9dical au niveau national et international<\/span><\/li>\n<li><span style=\"color: #000000;\">les m\u00e9thodologies utilis\u00e9es<\/span><\/li>\n<li><span style=\"color: #000000;\">les retomb\u00e9es attendues<\/span><\/li>\n<li><span style=\"color: #000000;\">la bibliographie<\/span><\/li>\n<\/ul>\n<\/li>\n<li><span style=\"color: #000000;\">les coordonn\u00e9es du laboratoire de recherche labellis\u00e9 sur le plan quadriennal universit\u00e9-minist\u00e8re charg\u00e9 de l\u2019enseignement sup\u00e9rieur s\u2019il s\u2019agit d\u2019un laboratoire fran\u00e7ais ou son \u00e9quivalent s\u2019il s\u2019agit d\u2019un laboratoire \u00e9tranger<\/span><\/li>\n<li><span style=\"color: #000000;\">les coordonn\u00e9es du directeur de recherche et son curriculum vitae.<\/span><\/li>\n<\/ol>\n<p><span style=\"color: #000000;\">Le dossier est ensuite soumis \u00e0 la commission interr\u00e9gionale de s\u00e9lection \u00e9valuant la qualit\u00e9 des projets.<\/span><\/p>\n<p><span style=\"color: #000000;\">Le pr\u00e9sident de cette commission \u00e9tablit la liste des candidats dont les projets d\u2019ann\u00e9e-recherche ont \u00e9t\u00e9 retenus, puis transmet cette liste \u00e0 l\u2019agence r\u00e9gionale de sant\u00e9 dont d\u00e9pend chaque interne, au plus tard le 15 septembre de l\u2019ann\u00e9e de d\u00e9p\u00f4t du projet.<\/span><br \/>\n<span style=\"color: #000000;\">Au final les ann\u00e9es-recherche sont attribu\u00e9es aux internes par le directeur g\u00e9n\u00e9ral de l\u2019agence r\u00e9gionale de sant\u00e9 dont ils rel\u00e8vent.<\/span><\/p>\n<p><span style=\"color: #000000;\">Les internes en m\u00e9decine d\u00e9posent leurs dossiers de demande d\u2019attribution d\u2019ann\u00e9e-recherche\u00a0<strong>aupr\u00e8s de l\u2019UFR dont ils rel\u00e8vent<\/strong>.<\/span><\/li>\n<li><span style=\"color: #000000;\"><em>Liens utiles<br \/>\n<\/em><\/span>textes de loi : Arr\u00eat\u00e9 du 8 juillet 2010 (<a href=\"http:\/\/www.legifrance.gouv.fr\/affichTexte.do;jsessionid=9123BFAC31F8E4FDBB2F71992D91DFC4.tpdjo16v_1?cidTexte=JORFTEXT000022481465&amp;categorieLien=id\">lien direct<\/a>) modifiant l\u2019arr\u00eat\u00e9 du 4 octobre 2006 (<a href=\"http:\/\/www.legifrance.gouv.fr\/affichTexte.do;jsessionid=9123BFAC31F8E4FDBB2F71992D91DFC4.tpdjo16v_1?cidTexte=JORFTEXT000000270775&amp;categorieLien=id\">lien direct<\/a>).<\/li>\n<\/ol>\n","protected":false},"excerpt":{"rendered":"<p>La recherche en M\u00e9decine G\u00e9n\u00e9rale, un domaine en pleine expansion et beaucoup plus accessible qu\u2019on ne croit, m\u00eame si les internes ne s\u2019y pr\u00e9cipitent pas en d\u00e9butant leur DES\u2026 Vous trouverez dans cette partie des infos utiles\u00a0pour tous, notamment pour &hellip; <a href=\"https:\/\/www.aimg-mp.com\/index.php\/recherche-en-mg\/\">Continuer la lecture <span class=\"meta-nav\">&rarr;<\/span><\/a><\/p>\n","protected":false},"author":413,"featured_media":0,"parent":0,"menu_order":0,"comment_status":"closed","ping_status":"closed","template":"","meta":{"footnotes":""},"class_list":["post-109","page","type-page","status-publish","hentry"],"_links":{"self":[{"href":"https:\/\/www.aimg-mp.com\/index.php\/wp-json\/wp\/v2\/pages\/109","targetHints":{"allow":["GET"]}}],"collection":[{"href":"https:\/\/www.aimg-mp.com\/index.php\/wp-json\/wp\/v2\/pages"}],"about":[{"href":"https:\/\/www.aimg-mp.com\/index.php\/wp-json\/wp\/v2\/types\/page"}],"author":[{"embeddable":true,"href":"https:\/\/www.aimg-mp.com\/index.php\/wp-json\/wp\/v2\/users\/413"}],"replies":[{"embeddable":true,"href":"https:\/\/www.aimg-mp.com\/index.php\/wp-json\/wp\/v2\/comments?post=109"}],"version-history":[{"count":0,"href":"https:\/\/www.aimg-mp.com\/index.php\/wp-json\/wp\/v2\/pages\/109\/revisions"}],"wp:attachment":[{"href":"https:\/\/www.aimg-mp.com\/index.php\/wp-json\/wp\/v2\/media?parent=109"}],"curies":[{"name":"wp","href":"https:\/\/api.w.org\/{rel}","templated":true}]}}